{"id":9332,"date":"2015-12-05T00:01:28","date_gmt":"2015-12-04T23:01:28","guid":{"rendered":"https:\/\/clinicadentalbadalona.com\/ca\/aviso-legal\/"},"modified":"2019-05-15T15:38:04","modified_gmt":"2019-05-15T13:38:04","slug":"avis-legal","status":"publish","type":"page","link":"https:\/\/clinicadentalbadalona.com\/ca\/avis-legal\/","title":{"rendered":"Avis Legal"},"content":{"rendered":"<p>[vc_row][vc_column width=&#8221;1\/6&#8243;][\/vc_column][vc_column width=&#8221;2\/3&#8243;][vc_tta_accordion][vc_tta_section title=&#8221;1. IDENTIFICACI\u00d3 DEL TITULAR DEL DOMINI&#8221; tab_id=&#8221;1557926465407-8fa93d4f-19c8&#8243;][vc_column_text]<em>En compliment\u00a0 del deure d&#8217;informaci\u00f3 recollit a l\u2019article 10 de la Llei 34\/2002, de 11 de juliol, de Serveis de la Societat de la Informaci\u00f3 i del Comer\u00e7 Electr\u00f2nic, a continuaci\u00f3 es publiquen les seg\u00fcents dades:<\/em><\/p>\n<p><em><br \/>\nEl titular d&#8217;aquesta website \u00e9s: <strong>Ull-Dent S.L<\/strong> amb domicili a <strong>Badalona, C\/ Pere III n\u00ba11, baixos,<\/strong> amb n\u00famero de CIF: <strong>B61582383\u00a0<\/strong><\/em><\/p>\n<p><em>Tel\u00e8fon de contacte: <strong>933.955.385<\/strong><\/em><\/p>\n<p><em>Correu electr\u00f2nic de contacte: <strong>info@ulldent.es<\/strong><\/em><\/p>\n<p><strong><em>\u00a0<\/em><\/strong><\/p>\n<p>Los profesionales que trabajan en Ull-Dent S.L est\u00e1n colegiados en el Colegio de <a href=\"http:\/\/www.comb.cat\">www.comb.cat<\/a> \u00a0i <a href=\"http:\/\/www.coec.cat\">www.coec.cat<\/a> que se rige por su propio c\u00f3digo deontol\u00f3gico que se puede consultar en el siguiente enlace: <a href=\"http:\/\/www.comb.cat\">www.comb.cat<\/a> \u00a0i <a href=\"http:\/\/www.coec.cat\">www.coec.cat<\/a>[\/vc_column_text][\/vc_tta_section][vc_tta_section title=&#8221;2. CONDICIONS D&#8217;\u00daS DE LA WEB.&#8221; tab_id=&#8221;1557926465424-603da058-e90f&#8221;][vc_column_text]<em>S&#8217;entendr\u00e0 com a usuari a la persona que accedeix i faci servir aquest website. L&#8217;usuari pel sol fet de ser-ho accepta aquestes condicions d&#8217;\u00fas.<\/em><\/p>\n<p><em><br \/>\nL&#8217;usuari assumeix la responsabilitat de l&#8217;\u00fas que pugui fer d&#8217;aquesta web. Aquesta responsabilitat s&#8217;est\u00e9n al registre que fos necessari per accedir a determinats serveis o continguts. L&#8217;usuari ser\u00e0 responsable d&#8217;aportar informaci\u00f3 vera\u00e7 i l\u00edcita en el proc\u00e9s de registre.<\/em><\/p>\n<p><em><br \/>\nL&#8217;USUARI es compromet a fer un \u00fas adequat dels continguts i serveis que Ull-Dent S.L ofereix a trav\u00e9s d&#8217;aquesta web i amb car\u00e0cter enunciatiu per\u00f2 no limitador, a no fer-los servir per a:<\/em><\/p>\n<p><em>\u00a0<\/em><\/p>\n<ol>\n<li><em>Provocar danys en els sistemes f\u00edsics i l\u00f2gics de Ull-Dent S.L, dels seus prove\u00efdors o de terceres persones, introduir o difondre a la xarxa virus inform\u00e0tics o qualssevol altres sistemes f\u00edsics o l\u00f2gics que siguin susceptibles de provocar els danys anteriorment esmentats.<\/em><\/li>\n<\/ol>\n<p><em>\u00a0<\/em><\/p>\n<ol>\n<li><em>Intentar accedir i, si escau, fer servir els comptes de correu electr\u00f2nic d&#8217;altres usuaris i modificar o manipular els seus missatges.<\/em><\/li>\n<\/ol>\n<p><em><br \/>\nQueda prohibida la publicaci\u00f3 en els nostres espais web de continguts que atemptin contra els principis enumerats a continuaci\u00f3, reservant-se el titular del domini l&#8217;exercici de quantes accions siguin procedents en dret contra els responsables de la seva publicaci\u00f3:<\/em><\/p>\n<p><em>\u00a0<\/em><\/p>\n<ol>\n<li><em>La salvaguarda de l&#8217;ordre p\u00fablic, la investigaci\u00f3 penal, seguretat p\u00fablica i defensa nacional,<\/em><\/li>\n<\/ol>\n<p><em>\u00a0<\/em><\/p>\n<ol>\n<li><em>La protecci\u00f3 de la salut p\u00fablica o de les persones f\u00edsiques que tinguin la condici\u00f3 de consumidors o usuaris,<\/em><\/li>\n<\/ol>\n<p><em>\u00a0<\/em><\/p>\n<ol>\n<li><em>El respecte a la dignitat de la persona i al principi de no discriminaci\u00f3 per motius de ra\u00e7a, sexe, opini\u00f3, nacionalitat, discapacitat o qualsevol altra circumst\u00e0ncia personal o social, <\/em><\/li>\n<\/ol>\n<p><em>\u00a0<\/em><\/p>\n<ol>\n<li><em>La protecci\u00f3 de la joventut i de la inf\u00e0ncia.<\/em><\/li>\n<\/ol>\n<p><em>\u00a0<\/em><\/p>\n<ol>\n<li><em>El respecte a l&#8217;autonomia de la voluntat de l&#8217;afectat<\/em><\/li>\n<\/ol>\n<p><em>\u00a0<\/em><\/p>\n<ol>\n<li><em>El respecte a la propietat intel\u00b7lectual del publicat<\/em><\/li>\n<\/ol>\n<p><em>\u00a0<\/em><\/p>\n<ol>\n<li><em>En general, el respecte a la legalitat vigent<\/em><\/li>\n<\/ol>\n<p><em>\u00a0<\/em><\/p>\n<p><strong><em>Ull-Dent S.L<\/em><\/strong><em> es reserva el dret de retirar tots aquells comentaris i aportacions que vulnerin el respecte a la dignitat de la persona, que siguin discriminatoris, xen\u00f2fobs, racistes, pornogr\u00e0fics, que atemptin contra la joventut o la inf\u00e0ncia, l&#8217;ordre o la seguretat p\u00fablica o que, al seu judici, no fossin adequats per a la seva publicaci\u00f3.<\/em><\/p>\n<p><em><br \/>\nEn qualsevol cas, el titular del domini no ser\u00e0 responsable de les opinions abocades pels usuaris a trav\u00e9s dels f\u00f2rums, xats, o altres eines de participaci\u00f3 que es puguin incorporar a aquesta web.<\/em>[\/vc_column_text][\/vc_tta_section][vc_tta_section title=&#8221;3. PROPIETAT INTEL\u00b7LECTUAL I INDUSTRIAL&#8221; tab_id=&#8221;1557926659069-40f4d458-7dc5&#8243;][vc_column_text]<em>Ull-Dent S.L \u00e9s titular de tots els drets de propietat intel\u00b7lectual i industrial de les seves p\u00e0gines web, com tamb\u00e9 ho \u00e9s de tot el seu contingut, per la qual cosa tota reproducci\u00f3, distribuci\u00f3 i comunicaci\u00f3 p\u00fablica total o parcial del seu contingut queda expressament prohibida sense l&#8217;autoritzaci\u00f3 expressa del titular.<\/em>[\/vc_column_text][\/vc_tta_section][vc_tta_section title=&#8221;4. RESPONSABILITAT&#8221; tab_id=&#8221;1557926707512-c04ab902-77b6&#8243;][vc_column_text]<em>El titular del domini no ser\u00e0 responsable dels danys i perjudicis que es puguin derivar d&#8217;interfer\u00e8ncies o avaries telef\u00f2niques, desconnexions en el sistema electr\u00f2nic, pres\u00e8ncia de virus inform\u00e0tics, programes maliciosos o qualsevol altre factor ali\u00e8 al seu control.<\/em><\/p>\n<p><em><br \/>\nTampoc ser\u00e0 responsable dels continguts o sistemes de tercers connectats amb el seu domini.<\/em>[\/vc_column_text][\/vc_tta_section][vc_tta_section title=&#8221;5. PRIVACITAT&#8221; tab_id=&#8221;1557926734278-0ed9d506-47f0&#8243;][vc_column_text]<strong><em>5.1. &#8211; DRET D&#8217;INFORMACI\u00d3<\/em><\/strong><\/p>\n<p><em><br \/>\nEn virtut del que disposa l&#8217;article 5 de la Llei Org\u00e0nica 15\/1999 de 13 de desembre, de Protecci\u00f3 de Dades de Car\u00e0cter Personal (en endavant LOPD) i el 13 del Reglament Europeu de Protecci\u00f3 de dades, us informem que:<\/em><\/p>\n<p><em>\u00a0<\/em><\/p>\n<p><em>Ull-Dent S.L, amb domicili a Badalona, C\/ Pere III n\u00ba11, baixos \u00e9s el responsable del tractament de dades de car\u00e0cter personal.<\/em><\/p>\n<p><em>El Delegat de Protecci\u00f3 de dades de l&#8217;entitat \u00e9s: Anna Tort<\/em><\/p>\n<p><em>\u00a0<\/em><\/p>\n<p><em>Les dades que ens faciliti fent servir els formularis que trobar\u00e0 a la web i les que ens envieu a la nostra adre\u00e7a de correu electr\u00f2nic, seran incorporats, tal com ens les cedeixi, a un fitxer de nom BDGACDUDT inscrit en el Registre de Fitxers Privats de l&#8217;Ag\u00e8ncia Espanyola de Protecci\u00f3 de dades i seran utilitzades per gestionar la prestaci\u00f3 dels serveis que ens demani i per a gestionar l&#8217;enviament d&#8217;informaci\u00f3 sobre les nostres activitats a trav\u00e9s del correu electr\u00f2nic o adre\u00e7a postal.<\/em><\/p>\n<p><em>\u00a0<\/em><\/p>\n<p><em>Els destinataris de la informaci\u00f3 s\u00f3n el personal del centre i les persones i entitats que col\u00b7laboren per donar compliment a les obligacions. Quan hi hagi obligaci\u00f3 legal, les seves dades tamb\u00e9 poden ser cedides a l&#8217;administraci\u00f3 p\u00fablica, en l&#8217;\u00e0mbit de les seves compet\u00e8ncies.<\/em><\/p>\n<p><em>\u00a0<\/em><\/p>\n<p><em>Cal que ens faciliti totes les dades que li sol\u00b7licitem i que aquests responguin amb veracitat a la seva situaci\u00f3 actual. Si es nega a facilitar-los, no podrem atendre&#8217;l correctament<\/em><\/p>\n<p><em>\u00a0<\/em><\/p>\n<p><em>T\u00e9 dret a exercir els drets d&#8217;acc\u00e9s a les seves dades personals, a la seva rectificaci\u00f3 o supressi\u00f3, a la limitaci\u00f3 del seu tractament, a oposar-se al tractament proposat, i a consentir expressament la possibilitat de fer portabilitat de la seva informaci\u00f3. Per exercir els drets i per a qualsevol aclariment, pot dirigir-se a per escrit a l&#8217;adre\u00e7a postal que consta en aquest document, a l&#8217;adre\u00e7a electr\u00f2nica <strong>info@ulldent.es<\/strong> i al tel\u00e8fon <strong>933.955.385<\/strong><\/em><\/p>\n<p><em>\u00a0<\/em><\/p>\n<p><em>L&#8217;organisme competent per con\u00e8ixer dels conflictes derivats de la signatura d&#8217;aquest document \u00e9s l&#8217;Autoritat Espanyola de Protecci\u00f3 de Dades ubicada a Madrid (28001), c \/ Jorge Juan nombre 6. <\/em><\/p>\n<p><strong><em><br \/>\n5.2. &#8211; CONSENTIMENT DE L&#8217;USUARI<\/em><\/strong><\/p>\n<p><em><br \/>\nS&#8217;entendr\u00e0 que l&#8217;usuari accepta les condicions establertes si prem el bot\u00f3 &#8216;ACCEPTAR&#8217; que es troba a tots els formularis de recollida de dades, o envia un correu electr\u00f2nic a les adreces de contacte que figuren a la web.<\/em><\/p>\n<p><strong><em><br \/>\n5.3. \u2013 SEGURETAT<\/em><\/strong><\/p>\n<p><em><br \/>\nLes dades personals recollides dels nostres usuaris s\u00f3n emmagatzemades a la base de dades abans descrita, que garanteix les mesures oportunes d&#8217;\u00edndole t\u00e8cnica i estructural per a prevenir la integritat i seguretat de la informaci\u00f3 personal aportada i disposa d&#8217;un document de seguretat que compleix amb el Reial Decret 1720\/2007, de 21 de desembre, pel qual s&#8217;aprova el Reglament de desenvolupament de la Llei Org\u00e0nica 15\/1999, de 13 de desembre, de protecci\u00f3 de dades de car\u00e0cter personal. (BOE n\u00fam. 17 de 19\/1\/2008) i ha establert tots els mitjans t\u00e8cnics al seu abast per evitar la p\u00e8rdua, mal \u00fas, alteraci\u00f3, acc\u00e9s no autoritzat i robatori de les dades que vost\u00e8 ens faciliti, sense perjudici d&#8217;informar-li que les mesures de seguretat a Internet no s\u00f3n inexpugnables.<\/em><\/p>\n<p><em><br \/>\nEl tractament de les dades personals est\u00e0 ajustat a la normativa establerta en la Llei Org\u00e0nica 15\/1999, 13 de desembre, de Protecci\u00f3 de Dades de Car\u00e0cter Personal (BOE 14\/12\/1999).<\/em><\/p>\n<p><em><br \/>\n<strong>5.4. &#8211; <\/strong><strong>US D\u2019ADRECES IP I COOKIES I RECOLLIDA DE DADES ESTAD\u00cdSTIQUES <\/strong><\/em><\/p>\n<p><strong><em>\u00a0<\/em><\/strong><\/p>\n<p><em>Ull-Dent S.L l&#8217;informa que la navegaci\u00f3 d&#8217;un usuari per aquesta web deixa com a rastre l&#8217;adre\u00e7a IP que li ha estat assignada pel seu prove\u00efdor d&#8217;acc\u00e9s a Internet. Nom\u00e9s es fa servir aquesta adre\u00e7a per a fins exclusivament interns, com s\u00f3n les estad\u00edstiques d&#8217;acc\u00e9s al Portal. <\/em><\/p>\n<p><em>\u00a0<\/em><\/p>\n<p><em>Per a la utilitzaci\u00f3 d&#8217;aquesta web, \u00e9s possible que s&#8217;utilitzin cookies. Les cookies que es puguin utilitzar s&#8217;associen \u00fanicament amb el navegador d&#8217;un ordinador determinat (un usuari an\u00f2nim), i no proporcionen per si mateixes cap dada personal de l&#8217;usuari. Aquesta web pot utilitzar els seg\u00fcents tipus de galetes<a href=\"#_ftn1\" name=\"_ftnref1\"><strong>[1]<\/strong><\/a>: <\/em><\/p>\n<p><em>\u00a0<\/em><\/p>\n<p><strong><em>&#8211; Cookies d&#8217;an\u00e0lisi:<\/em><\/strong><em> permeten quantificar el nombre d&#8217;usuaris i aix\u00ed realitzar el mesurament i an\u00e0lisi estad\u00edstic de la utilitzaci\u00f3 i activitat que fan els usuaris de la nostra p\u00e0gina web, aix\u00ed com elaborar de perfils de navegaci\u00f3 dels usuaris en aquestes p\u00e0gines i en les nostres aplicacions, tot aix\u00f2 amb la finalitat d&#8217;introduir millores. Concretament es fan servir:<\/em><\/p>\n<p><strong><em>\u00a0<\/em><\/strong><\/p>\n<p><strong><em>&#8211; Cookies t\u00e8cniques<\/em><\/strong><em>: permeten a l&#8217;usuari la navegaci\u00f3 a trav\u00e9s de la p\u00e0gina web i la utilitzaci\u00f3 de les diferents opcions o serveis que en ella existeixen com, per exemple, controlar el tr\u00e0nsit i la comunicaci\u00f3 de dades, identificar la sessi\u00f3, accedir a parts d&#8217;acc\u00e9s restringit, recordar els elements que integren una comanda, realitzar el proc\u00e9s de compra d&#8217;una comanda, realitzar la sol \u00b7 licitud d&#8217;inscripci\u00f3 o participaci\u00f3 en un esdeveniment, utilitzar elements de seguretat durant la navegaci\u00f3 o emmagatzemar, difondre i \/ o compartir continguts.<\/em><\/p>\n<p><em>\u00a0<\/em><\/p>\n<p><em>L&#8217;usuari t\u00e9 la possibilitat de configurar el seu navegador per ser avisat en pantalla de la recepci\u00f3 de cookies i per evitar la seva instal\u00b7laci\u00f3 en el seu disc dur. Tots els navegadors permeten fer canvis amb la finalitat de desactivar la configuraci\u00f3 de les galetes. Aquests ajustaments es troben ubicats en les &#8220;opcions&#8221; o &#8220;prefer\u00e8ncies&#8221; del men\u00fa del seu navegador. A continuaci\u00f3 podr\u00e0 trobar els links de cada navegador per desactivar les cookies seguint les instruccions:<\/em><\/p>\n<p><em>\u00a0<\/em><\/p>\n<p><em>&#8211; Explorer: <a href=\"http:\/\/windows.microsoft.com\/es-es\/windows7\/how-to-manage-cookies-in-internet-explorer-9\">http:\/\/windows.microsoft.com\/es-es\/windows7\/how-to-manage-cookies-in-internet-explorer-9<\/a><\/em><\/p>\n<p><em>&#8211; Firefox: <a href=\"http:\/\/goo.gl\/F5pHX\">http:\/\/goo.gl\/F5pHX<\/a><\/em><\/p>\n<p><em>&#8211; Chrome: <a href=\"http:\/\/support.google.com\/chrome\/bin\/answer.py?hl=es&amp;answer=95647\">http:\/\/support.google.com\/chrome\/bin\/answer.py?hl=es&amp;answer=95647<\/a><\/em><\/p>\n<p><em>&#8211; Safari: <a href=\"http:\/\/support.apple.com\/kb\/ph5042\">http:\/\/support.apple.com\/kb\/ph5042<\/a><\/em><\/p>\n<p><em>&#8211; Opera: <a href=\"http:\/\/www.opera.com\/help\/tutorials\/security\/privacy\/\">http:\/\/www.opera.com\/help\/tutorials\/security\/privacy\/<\/a> <\/em><\/p>\n<p><em>\u00a0<\/em><\/p>\n<p><em>L&#8217;informem, per\u00f2, que hi ha la possibilitat de que la desactivaci\u00f3 d&#8217;alguna galeta impedeixi o dificulti la navegaci\u00f3 o la prestaci\u00f3 dels serveis oferts en aquesta web.<\/em><\/p>\n<p><em>\u00a0<\/em><\/p>\n<p><em><br \/>\n<strong>5.5. \u2013 ENLLA\u00c7OS<\/strong><\/em><\/p>\n<p><em><br \/>\nPer facilitar la recerca de recursos que creiem que s\u00f3n del seu inter\u00e8s, pot trobar en aquesta web enlla\u00e7os a altres p\u00e0gines.<\/em><\/p>\n<p><em><br \/>\nAquesta pol\u00edtica de privacitat nom\u00e9s \u00e9s d&#8217;aplicaci\u00f3 a aquest web. Ull-Dent S.L no garanteix el compliment d&#8217;aquesta pol\u00edtica en altres webs, ni es fa responsable dels accessos mitjan\u00e7ant enlla\u00e7os des d\u2019aquest lloc.<\/em><\/p>\n<p>&nbsp;<\/p>\n<p><a href=\"#_ftnref1\" name=\"_ftn1\">[1]<\/a> Afegir el tipus de galetes que es facin servir.[\/vc_column_text][\/vc_tta_section][vc_tta_section title=&#8221;6. MODIFICACIONS DE LES PRESENTS CONDICIONS I VIG\u00c8NCIA&#8221; tab_id=&#8221;1557927296144-6ff494a5-aa4b&#8221;][vc_column_text]<em>Ull-Dent S.L pot modificar les presents condicions en qualsevol moment, sense previ av\u00eds, publicant les seves modificacions tal com aqu\u00ed apareixen. Un cop modificades, les presents condicions deixaran de ser vigents i seran substitu\u00efdes per la seva modificaci\u00f3.<\/em>[\/vc_column_text][\/vc_tta_section][vc_tta_section title=&#8221;7. LEGISLACI\u00d3 APLICABLE I JURISDICCI\u00d3&#8221; tab_id=&#8221;1557927325681-533cdf54-dd97&#8243;][vc_column_text]<em>La relaci\u00f3 entre Ull-Dent S.L i l&#8217;usuari es regir\u00e0 per la normativa espanyola vigent i qualsevol controv\u00e8rsia se sotmetr\u00e0 als Jutjats i tribunals de la ciutat de Barcelona<\/em><\/p>\n<p><em>\u00a0<\/em><\/p>\n<p>En aplicaci\u00f3 del que disposa la LOPD cal que al formularis de recollida de dades s\u2019incorpori la informaci\u00f3 que disposa l\u2019article 5 de la LOPD. El centre pot optar entre:<\/p>\n<p><em>\u00a0<\/em><\/p>\n<p><em>Aquesta web fa servir cookies. Si continua navegant, entendrem que les accepta. M\u00e9s informaci\u00f3 <u>aqu\u00ed<a href=\"#_ftn2\" name=\"_ftnref2\"><strong>[2]<\/strong><\/a><\/u><\/em><\/p>\n<p><a href=\"#_ftnref1\" name=\"_ftn1\">[1]<\/a> Enlla\u00e7ar amb la pol\u00edtica de privacitat.<\/p>\n<p><a href=\"#_ftnref2\" name=\"_ftn2\">[2]<\/a> Enlla\u00e7ar amb la cl\u00e0usula que regula les cookies de l\u2019av\u00eds legal.[\/vc_column_text][\/vc_tta_section][\/vc_tta_accordion]<div class=\"divider empty-space\" style=\"text-align:left;\"><div class=\"divider-elm empty-space\" style=\"margin-bottom:50px; \"><\/div><\/div><div class=\"divider empty-space\" style=\"text-align:left;\"><div class=\"divider-elm empty-space\" style=\"margin-top:50px; margin-bottom:50px; \"><\/div><\/div>[\/vc_column][vc_column width=&#8221;1\/6&#8243;][\/vc_column][\/vc_row][vc_row][vc_column]<div class=\"divider empty-space\" style=\"text-align:left;\"><div class=\"divider-elm empty-space\" style=\"margin-top:20px; \"><\/div><\/div>[\/vc_column][\/vc_row]<\/p>\n","protected":false},"excerpt":{"rendered":"<p>[vc_row][vc_column width=&#8221;1\/6&#8243;][\/vc_column][vc_column width=&#8221;2\/3&#8243;][vc_tta_accordion][vc_tta_section title=&#8221;1. IDENTIFICACI\u00d3 DEL TITULAR DEL DOMINI&#8221; tab_id=&#8221;1557926465407-8fa93d4f-19c8&#8243;][vc_column_text]En compliment\u00a0 del deure d&#8217;informaci\u00f3 recollit a l\u2019article 10 de la Llei 34\/2002, de 11 de juliol, de Serveis de la Societat de la Informaci\u00f3 i del Comer\u00e7 Electr\u00f2nic, a continuaci\u00f3 es publiquen les seg\u00fcents dades: El titular d&#8217;aquesta website \u00e9s:&#8230;<\/p>\n","protected":false},"author":1,"featured_media":0,"parent":0,"menu_order":0,"comment_status":"closed","ping_status":"closed","template":"template-builder.php","meta":{"_joinchat":[],"footnotes":""},"class_list":["post-9332","page","type-page","status-publish","hentry"],"yoast_head":"<!-- This site is optimized with the Yoast SEO plugin v26.8 - https:\/\/yoast.com\/product\/yoast-seo-wordpress\/ -->\n<title>Avis Legal - Ull Dent | Cl\u00ednica dental y medicina est\u00e9tica Badalona<\/title>\n<meta name=\"robots\" content=\"index, follow, max-snippet:-1, max-image-preview:large, max-video-preview:-1\" \/>\n<link rel=\"canonical\" href=\"https:\/\/clinicadentalbadalona.com\/ca\/avis-legal\/\" \/>\n<meta property=\"og:locale\" content=\"ca_ES\" \/>\n<meta property=\"og:type\" content=\"article\" \/>\n<meta property=\"og:title\" content=\"Avis Legal - Ull Dent | Cl\u00ednica dental y medicina est\u00e9tica Badalona\" \/>\n<meta property=\"og:description\" content=\"[vc_row][vc_column width=&#8221;1\/6&#8243;][\/vc_column][vc_column width=&#8221;2\/3&#8243;][vc_tta_accordion][vc_tta_section title=&#8221;1. IDENTIFICACI\u00d3 DEL TITULAR DEL DOMINI&#8221; tab_id=&#8221;1557926465407-8fa93d4f-19c8&#8243;][vc_column_text]En compliment\u00a0 del deure d&#8217;informaci\u00f3 recollit a l\u2019article 10 de la Llei 34\/2002, de 11 de juliol, de Serveis de la Societat de la Informaci\u00f3 i del Comer\u00e7 Electr\u00f2nic, a continuaci\u00f3 es publiquen les seg\u00fcents dades: El titular d&#8217;aquesta website \u00e9s:...\" \/>\n<meta property=\"og:url\" content=\"https:\/\/clinicadentalbadalona.com\/ca\/avis-legal\/\" \/>\n<meta property=\"og:site_name\" content=\"Ull Dent | Cl\u00ednica dental y medicina est\u00e9tica Badalona\" \/>\n<meta property=\"article:modified_time\" content=\"2019-05-15T13:38:04+00:00\" \/>\n<meta name=\"twitter:card\" content=\"summary_large_image\" \/>\n<meta name=\"twitter:label1\" content=\"Temps estimat de lectura\" \/>\n\t<meta name=\"twitter:data1\" content=\"10 minuts\" \/>\n<script type=\"application\/ld+json\" class=\"yoast-schema-graph\">{\"@context\":\"https:\/\/schema.org\",\"@graph\":[{\"@type\":\"WebPage\",\"@id\":\"https:\/\/clinicadentalbadalona.com\/ca\/avis-legal\/\",\"url\":\"https:\/\/clinicadentalbadalona.com\/ca\/avis-legal\/\",\"name\":\"Avis Legal - Ull Dent | Cl\u00ednica dental y medicina est\u00e9tica Badalona\",\"isPartOf\":{\"@id\":\"https:\/\/clinicadentalbadalona.com\/#website\"},\"datePublished\":\"2015-12-04T23:01:28+00:00\",\"dateModified\":\"2019-05-15T13:38:04+00:00\",\"breadcrumb\":{\"@id\":\"https:\/\/clinicadentalbadalona.com\/ca\/avis-legal\/#breadcrumb\"},\"inLanguage\":\"ca\",\"potentialAction\":[{\"@type\":\"ReadAction\",\"target\":[\"https:\/\/clinicadentalbadalona.com\/ca\/avis-legal\/\"]}]},{\"@type\":\"BreadcrumbList\",\"@id\":\"https:\/\/clinicadentalbadalona.com\/ca\/avis-legal\/#breadcrumb\",\"itemListElement\":[{\"@type\":\"ListItem\",\"position\":1,\"name\":\"Portada\",\"item\":\"https:\/\/clinicadentalbadalona.com\/ca\/\"},{\"@type\":\"ListItem\",\"position\":2,\"name\":\"Avis Legal\"}]},{\"@type\":\"WebSite\",\"@id\":\"https:\/\/clinicadentalbadalona.com\/#website\",\"url\":\"https:\/\/clinicadentalbadalona.com\/\",\"name\":\"Ull Dent | Cl\u00ednica dental y medicina est\u00e9tica Badalona\",\"description\":\"Clinica Dental | Dentista Badalona - Implantes dentales Periodoncia avanzada Cirugia Oral Est\u00e9tica Dental Odontolog\u00eda preventiva\",\"publisher\":{\"@id\":\"https:\/\/clinicadentalbadalona.com\/#organization\"},\"potentialAction\":[{\"@type\":\"SearchAction\",\"target\":{\"@type\":\"EntryPoint\",\"urlTemplate\":\"https:\/\/clinicadentalbadalona.com\/?s={search_term_string}\"},\"query-input\":{\"@type\":\"PropertyValueSpecification\",\"valueRequired\":true,\"valueName\":\"search_term_string\"}}],\"inLanguage\":\"ca\"},{\"@type\":\"Organization\",\"@id\":\"https:\/\/clinicadentalbadalona.com\/#organization\",\"name\":\"Ull Dent | Cl\u00ednica dental y medicina est\u00e9tica Badalona\",\"url\":\"https:\/\/clinicadentalbadalona.com\/\",\"logo\":{\"@type\":\"ImageObject\",\"inLanguage\":\"ca\",\"@id\":\"https:\/\/clinicadentalbadalona.com\/#\/schema\/logo\/image\/\",\"url\":\"https:\/\/clinicadentalbadalona.com\/wp-content\/uploads\/2020\/11\/clinicaulldent_logo1color_lq.png\",\"contentUrl\":\"https:\/\/clinicadentalbadalona.com\/wp-content\/uploads\/2020\/11\/clinicaulldent_logo1color_lq.png\",\"width\":1182,\"height\":199,\"caption\":\"Ull Dent | Cl\u00ednica dental y medicina est\u00e9tica Badalona\"},\"image\":{\"@id\":\"https:\/\/clinicadentalbadalona.com\/#\/schema\/logo\/image\/\"}}]}<\/script>\n<!-- \/ Yoast SEO plugin. -->","yoast_head_json":{"title":"Avis Legal - Ull Dent | Cl\u00ednica dental y medicina est\u00e9tica Badalona","robots":{"index":"index","follow":"follow","max-snippet":"max-snippet:-1","max-image-preview":"max-image-preview:large","max-video-preview":"max-video-preview:-1"},"canonical":"https:\/\/clinicadentalbadalona.com\/ca\/avis-legal\/","og_locale":"ca_ES","og_type":"article","og_title":"Avis Legal - Ull Dent | Cl\u00ednica dental y medicina est\u00e9tica Badalona","og_description":"[vc_row][vc_column width=&#8221;1\/6&#8243;][\/vc_column][vc_column width=&#8221;2\/3&#8243;][vc_tta_accordion][vc_tta_section title=&#8221;1. IDENTIFICACI\u00d3 DEL TITULAR DEL DOMINI&#8221; tab_id=&#8221;1557926465407-8fa93d4f-19c8&#8243;][vc_column_text]En compliment\u00a0 del deure d&#8217;informaci\u00f3 recollit a l\u2019article 10 de la Llei 34\/2002, de 11 de juliol, de Serveis de la Societat de la Informaci\u00f3 i del Comer\u00e7 Electr\u00f2nic, a continuaci\u00f3 es publiquen les seg\u00fcents dades: El titular d&#8217;aquesta website \u00e9s:...","og_url":"https:\/\/clinicadentalbadalona.com\/ca\/avis-legal\/","og_site_name":"Ull Dent | Cl\u00ednica dental y medicina est\u00e9tica Badalona","article_modified_time":"2019-05-15T13:38:04+00:00","twitter_card":"summary_large_image","twitter_misc":{"Temps estimat de lectura":"10 minuts"},"schema":{"@context":"https:\/\/schema.org","@graph":[{"@type":"WebPage","@id":"https:\/\/clinicadentalbadalona.com\/ca\/avis-legal\/","url":"https:\/\/clinicadentalbadalona.com\/ca\/avis-legal\/","name":"Avis Legal - Ull Dent | Cl\u00ednica dental y medicina est\u00e9tica Badalona","isPartOf":{"@id":"https:\/\/clinicadentalbadalona.com\/#website"},"datePublished":"2015-12-04T23:01:28+00:00","dateModified":"2019-05-15T13:38:04+00:00","breadcrumb":{"@id":"https:\/\/clinicadentalbadalona.com\/ca\/avis-legal\/#breadcrumb"},"inLanguage":"ca","potentialAction":[{"@type":"ReadAction","target":["https:\/\/clinicadentalbadalona.com\/ca\/avis-legal\/"]}]},{"@type":"BreadcrumbList","@id":"https:\/\/clinicadentalbadalona.com\/ca\/avis-legal\/#breadcrumb","itemListElement":[{"@type":"ListItem","position":1,"name":"Portada","item":"https:\/\/clinicadentalbadalona.com\/ca\/"},{"@type":"ListItem","position":2,"name":"Avis Legal"}]},{"@type":"WebSite","@id":"https:\/\/clinicadentalbadalona.com\/#website","url":"https:\/\/clinicadentalbadalona.com\/","name":"Ull Dent | Cl\u00ednica dental y medicina est\u00e9tica Badalona","description":"Clinica Dental | Dentista Badalona - Implantes dentales Periodoncia avanzada Cirugia Oral Est\u00e9tica Dental Odontolog\u00eda preventiva","publisher":{"@id":"https:\/\/clinicadentalbadalona.com\/#organization"},"potentialAction":[{"@type":"SearchAction","target":{"@type":"EntryPoint","urlTemplate":"https:\/\/clinicadentalbadalona.com\/?s={search_term_string}"},"query-input":{"@type":"PropertyValueSpecification","valueRequired":true,"valueName":"search_term_string"}}],"inLanguage":"ca"},{"@type":"Organization","@id":"https:\/\/clinicadentalbadalona.com\/#organization","name":"Ull Dent | Cl\u00ednica dental y medicina est\u00e9tica Badalona","url":"https:\/\/clinicadentalbadalona.com\/","logo":{"@type":"ImageObject","inLanguage":"ca","@id":"https:\/\/clinicadentalbadalona.com\/#\/schema\/logo\/image\/","url":"https:\/\/clinicadentalbadalona.com\/wp-content\/uploads\/2020\/11\/clinicaulldent_logo1color_lq.png","contentUrl":"https:\/\/clinicadentalbadalona.com\/wp-content\/uploads\/2020\/11\/clinicaulldent_logo1color_lq.png","width":1182,"height":199,"caption":"Ull Dent | Cl\u00ednica dental y medicina est\u00e9tica Badalona"},"image":{"@id":"https:\/\/clinicadentalbadalona.com\/#\/schema\/logo\/image\/"}}]}},"_links":{"self":[{"href":"https:\/\/clinicadentalbadalona.com\/ca\/wp-json\/wp\/v2\/pages\/9332\/"}],"collection":[{"href":"https:\/\/clinicadentalbadalona.com\/ca\/wp-json\/wp\/v2\/pages\/"}],"about":[{"href":"https:\/\/clinicadentalbadalona.com\/ca\/wp-json\/wp\/v2\/types\/page\/"}],"author":[{"embeddable":true,"href":"https:\/\/clinicadentalbadalona.com\/ca\/wp-json\/wp\/v2\/users\/1\/"}],"replies":[{"embeddable":true,"href":"https:\/\/clinicadentalbadalona.com\/ca\/wp-json\/wp\/v2\/comments\/?post=9332"}],"version-history":[{"count":0,"href":"https:\/\/clinicadentalbadalona.com\/ca\/wp-json\/wp\/v2\/pages\/9332\/revisions\/"}],"wp:attachment":[{"href":"https:\/\/clinicadentalbadalona.com\/ca\/wp-json\/wp\/v2\/media\/?parent=9332"}],"curies":[{"name":"wp","href":"https:\/\/api.w.org\/{rel}","templated":true}]}}