{"id":9348,"date":"2015-11-25T20:44:46","date_gmt":"2015-11-25T18:44:46","guid":{"rendered":"https:\/\/clinicadentalbadalona.com\/ca\/medicina-estetica\/"},"modified":"2022-10-05T09:43:44","modified_gmt":"2022-10-05T07:43:44","slug":"medicina-estetica","status":"publish","type":"page","link":"https:\/\/clinicadentalbadalona.com\/ca\/medicina-estetica\/","title":{"rendered":"Medicina Est\u00e8tica"},"content":{"rendered":"<p>[vc_row row_type=&#8221;fullwidth_content&#8221; parallax_speed=&#8221;0.5&#8243;][vc_column][rev_slider_vc alias=&#8221;oral-maxilofacial_cat&#8221;][\/vc_column][\/vc_row][vc_row][vc_column]<div class=\"divider empty-space\" style=\"text-align:left;\"><div class=\"divider-elm empty-space\" style=\"margin-bottom:75px; \"><\/div><\/div>[\/vc_column][\/vc_row][vc_row][vc_column width=&#8221;1\/12&#8243;][\/vc_column][vc_column width=&#8221;10\/12&#8243;][vc_row_inner][vc_column_inner width=&#8221;1\/2&#8243;]<div class=\"custom-font \" style=\"text-align:justify\"><p class=\"custom-font-element  \" style=\"font-size:16px; line-height:28px; \">El envejecimiento es un proceso imparable que va a modificar el aspecto y las caracter\u00edsticas de nuestra piel. Factores externos como el sol y el tabaco provocan la aparici\u00f3n de arrugas y una piel m\u00e1s fr\u00e1gil y menos el\u00e1stica, y otros factores como el paso del tiempo van disminuyendo la elasticidad y la tersura de la piel. Los tratamientos est\u00e9ticos faciales no quir\u00fargicos tienen cada<\/p ><\/div>[\/vc_column_inner][vc_column_inner width=&#8221;1\/2&#8243;]<div class=\"custom-font \" style=\"text-align:justify\"><p class=\"custom-font-element  \" style=\"font-size:16px; line-height:28px; \">vez m\u00e1s \u00e9xito por su comodidad, poco riesgo y rapidez de resultados. Con peque\u00f1os retoques podemos obtener grandes resultados. Hoy en d\u00eda los avances en medicina est\u00e9tica nos permiten rejuvenecer caras, manos, escotes\u2026 en una sola sesi\u00f3n, sin dolor y sin pasar por el quir\u00f3fano. La clave del \u00e9xito est\u00e1 en personalizar los tratamientos.<\/p ><\/div>[\/vc_column_inner][\/vc_row_inner][\/vc_column][vc_column width=&#8221;1\/12&#8243;][\/vc_column][\/vc_row][vc_row][vc_column]<div class=\"divider empty-space\" style=\"text-align:left;\"><div class=\"divider-elm empty-space\" style=\"margin-bottom:80px; \"><\/div><\/div>[\/vc_column][\/vc_row][vc_row row_type=&#8221;fullwidth_content&#8221; parallax_speed=&#8221;0.5&#8243;][vc_column width=&#8221;3\/12&#8243;][\/vc_column][vc_column width=&#8221;6\/12&#8243;][vc_row_inner content_placement=&#8221;middle&#8221;][vc_column_inner width=&#8221;1\/3&#8243; text_align=&#8221;center&#8221;]<div class=\"custom-font \" style=\"text-align:center\"><h4 class=\"custom-font-element custom-font-4 \" style=\"font-size:12px; line-height:24px; text-transform:uppercase; letter-spacing:2px; color:#333333; \"><\/p>\n<p style=\"text-align: center;\"><a href=\"#posicion1\"><img decoding=\"async\" class=\"alignnone size-full wp-image-9 lazyload\" data-src=\"https:\/\/clinicadentalbadalona.com.mialias.net\/wp-content\/uploads\/2016\/02\/favicon.png\" alt=\"favicon\" width=\"32\" height=\"32\" src=\"data:image\/svg+xml;base64,PHN2ZyB3aWR0aD0iMSIgaGVpZ2h0PSIxIiB4bWxucz0iaHR0cDovL3d3dy53My5vcmcvMjAwMC9zdmciPjwvc3ZnPg==\" style=\"--smush-placeholder-width: 32px; --smush-placeholder-aspect-ratio: 32\/32;\" \/><\/a><\/p>\n<p><\/h4 ><\/div><div class=\"divider empty-space\" style=\"text-align:left;\"><div class=\"divider-elm empty-space\" style=\"margin-top:10px; \"><\/div><\/div><div class=\"custom-font \" style=\"text-align:center\"><h4 class=\"custom-font-element custom-font-4 \" style=\"font-size:12px; line-height:24px; text-transform:uppercase; letter-spacing:2px; color:#333333; \"><\/p>\n<p style=\"text-align: center;\"><a href=\"#posicion1\">Arrugas de<\/a>\u00a0<a style=\"line-height: 1.5;\" href=\"#posicion1\">Expresi\u00f3n<\/a><\/p>\n<p><\/h4 ><\/div><div class=\"divider empty-space\" style=\"text-align:left;\"><div class=\"divider-elm empty-space\" style=\"margin-top:75px; \"><\/div><\/div>[\/vc_column_inner][vc_column_inner width=&#8221;1\/3&#8243; text_align=&#8221;center&#8221;]<div class=\"custom-font \" style=\"text-align:center\"><h4 class=\"custom-font-element custom-font-4 \" style=\"font-size:12px; line-height:24px; text-transform:uppercase; letter-spacing:2px; color:#333333; \"><\/p>\n<p style=\"text-align: center;\"><a href=\"#posicion2\"><img decoding=\"async\" class=\"alignnone size-full wp-image-9 lazyload\" data-src=\"https:\/\/clinicadentalbadalona.com.mialias.net\/wp-content\/uploads\/2016\/02\/favicon.png\" alt=\"favicon\" width=\"32\" height=\"32\" src=\"data:image\/svg+xml;base64,PHN2ZyB3aWR0aD0iMSIgaGVpZ2h0PSIxIiB4bWxucz0iaHR0cDovL3d3dy53My5vcmcvMjAwMC9zdmciPjwvc3ZnPg==\" style=\"--smush-placeholder-width: 32px; --smush-placeholder-aspect-ratio: 32\/32;\" \/><\/a><\/p>\n<p><\/h4 ><\/div><div class=\"divider empty-space\" style=\"text-align:left;\"><div class=\"divider-elm empty-space\" style=\"margin-top:10px; \"><\/div><\/div><div class=\"custom-font \" style=\"text-align:center\"><h4 class=\"custom-font-element custom-font-4 \" style=\"font-size:12px; line-height:24px; text-transform:uppercase; letter-spacing:2px; color:#333333; \"><\/p>\n<p style=\"text-align: center;\"><a href=\"#posicion2\">Mesoterapia facial<\/a><\/p>\n<p><\/h4 ><\/div><div class=\"divider empty-space\" style=\"text-align:left;\"><div class=\"divider-elm empty-space\" style=\"margin-top:75px; \"><\/div><\/div>[\/vc_column_inner][vc_column_inner width=&#8221;1\/3&#8243; text_align=&#8221;center&#8221;]<div class=\"custom-font \" style=\"text-align:center\"><h4 class=\"custom-font-element custom-font-4 \" style=\"font-size:12px; line-height:24px; text-transform:uppercase; letter-spacing:2px; color:#333333; \"><\/p>\n<p style=\"text-align: center;\"><a href=\"#posicion3\"><img decoding=\"async\" class=\"alignnone size-full wp-image-9 lazyload\" data-src=\"https:\/\/clinicadentalbadalona.com.mialias.net\/wp-content\/uploads\/2016\/02\/favicon.png\" alt=\"favicon\" width=\"32\" height=\"32\" src=\"data:image\/svg+xml;base64,PHN2ZyB3aWR0aD0iMSIgaGVpZ2h0PSIxIiB4bWxucz0iaHR0cDovL3d3dy53My5vcmcvMjAwMC9zdmciPjwvc3ZnPg==\" style=\"--smush-placeholder-width: 32px; --smush-placeholder-aspect-ratio: 32\/32;\" \/><\/a><\/p>\n<p><\/h4 ><\/div><div class=\"divider empty-space\" style=\"text-align:left;\"><div class=\"divider-elm empty-space\" style=\"margin-top:10px; \"><\/div><\/div><div class=\"custom-font \" style=\"text-align:center\"><h4 class=\"custom-font-element custom-font-4 \" style=\"font-size:12px; line-height:24px; text-transform:uppercase; letter-spacing:2px; color:#333333; \"><\/p>\n<p style=\"text-align: center;\"><a href=\"#posicion3\">Relleno de Arrugas<\/a><\/p>\n<p><\/h4 ><\/div><div class=\"divider empty-space\" style=\"text-align:left;\"><div class=\"divider-elm empty-space\" style=\"margin-top:75px; \"><\/div><\/div>[\/vc_column_inner][\/vc_row_inner][\/vc_column][vc_column width=&#8221;3\/12&#8243;][\/vc_column][\/vc_row][vc_row row_type=&#8221;fullwidth_content&#8221; parallax_speed=&#8221;0.5&#8243;][vc_column width=&#8221;4\/12&#8243;][\/vc_column][vc_column width=&#8221;4\/12&#8243;][vc_row_inner content_placement=&#8221;middle&#8221;][vc_column_inner width=&#8221;1\/2&#8243; text_align=&#8221;center&#8221;]<div class=\"custom-font \" style=\"text-align:center\"><h4 class=\"custom-font-element custom-font-4 \" style=\"font-size:12px; line-height:24px; text-transform:uppercase; letter-spacing:2px; color:#333333; \"><\/p>\n<p style=\"text-align: center;\"><a href=\"#posicion4\"><img decoding=\"async\" class=\"alignnone size-full wp-image-9 lazyload\" data-src=\"https:\/\/clinicadentalbadalona.com.mialias.net\/wp-content\/uploads\/2016\/02\/favicon.png\" alt=\"favicon\" width=\"32\" height=\"32\" src=\"data:image\/svg+xml;base64,PHN2ZyB3aWR0aD0iMSIgaGVpZ2h0PSIxIiB4bWxucz0iaHR0cDovL3d3dy53My5vcmcvMjAwMC9zdmciPjwvc3ZnPg==\" style=\"--smush-placeholder-width: 32px; --smush-placeholder-aspect-ratio: 32\/32;\" \/><\/a><\/p>\n<p><\/h4 ><\/div><div class=\"divider empty-space\" style=\"text-align:left;\"><div class=\"divider-elm empty-space\" style=\"margin-top:10px; \"><\/div><\/div><div class=\"custom-font \" style=\"text-align:center\"><h4 class=\"custom-font-element custom-font-4 \" style=\"font-size:12px; line-height:24px; text-transform:uppercase; letter-spacing:2px; color:#333333; \"><\/p>\n<p style=\"text-align: center;\"><a href=\"#posicion4\">Manchas<\/a><\/p>\n<p style=\"text-align: center;\"><a href=\"#posicion4\">Rejuvenecimiento facial<\/a><\/p>\n<p><\/h4 ><\/div>[vc_raw_html]JTNDYSUyMG5hbWUlM0QlMjJwb3NpY2lvbjElMjIlM0UlM0MlMkZhJTNF[\/vc_raw_html][\/vc_column_inner][vc_column_inner width=&#8221;1\/2&#8243;]<div class=\"custom-font \" style=\"text-align:center\"><h4 class=\"custom-font-element custom-font-4 \" style=\"font-size:12px; line-height:24px; text-transform:uppercase; letter-spacing:2px; color:#333333; \"><\/p>\n<p style=\"text-align: center;\"><a href=\"#posicion5\"><img decoding=\"async\" class=\"alignnone size-full wp-image-9 lazyload\" data-src=\"https:\/\/clinicadentalbadalona.com.mialias.net\/wp-content\/uploads\/2016\/02\/favicon.png\" alt=\"favicon\" width=\"32\" height=\"32\" src=\"data:image\/svg+xml;base64,PHN2ZyB3aWR0aD0iMSIgaGVpZ2h0PSIxIiB4bWxucz0iaHR0cDovL3d3dy53My5vcmcvMjAwMC9zdmciPjwvc3ZnPg==\" style=\"--smush-placeholder-width: 32px; --smush-placeholder-aspect-ratio: 32\/32;\" \/><\/a><\/p>\n<p><\/h4 ><\/div><div class=\"divider empty-space\" style=\"text-align:left;\"><div class=\"divider-elm empty-space\" style=\"margin-top:10px; \"><\/div><\/div><div class=\"custom-font \" style=\"text-align:center\"><h4 class=\"custom-font-element custom-font-4 \" style=\"font-size:12px; line-height:24px; text-transform:uppercase; letter-spacing:2px; color:#333333; \"><\/p>\n<p style=\"text-align: center;\"><a href=\"#posicion5\">Lifting<\/a><\/p>\n<p style=\"text-align: center;\"><a href=\"#posicion5\">con Hilos\u00a0Tensores<\/a><\/p>\n<p><\/h4 ><\/div>[\/vc_column_inner][\/vc_row_inner][\/vc_column][vc_column width=&#8221;4\/12&#8243;][\/vc_column][\/vc_row][vc_row][vc_column]<div class=\"divider empty-space\" style=\"text-align:left;\"><div class=\"divider-elm empty-space\" style=\"margin-top:100px; \"><\/div><\/div>[\/vc_column][\/vc_row][vc_row background_color=&#8221;#e3f2fd&#8221; css=&#8221;.vc_custom_1460040186064{padding-top: 70px !important;padding-bottom: 70px !important;}&#8221;][vc_column width=&#8221;5\/12&#8243; text_align=&#8221;center&#8221; css=&#8221;.vc_custom_1450139043202{padding-right: 50px !important;padding-left: 50px !important;}&#8221;][vc_single_image image=&#8221;8768&#8243; img_size=&#8221;352X265&#8243; alignment=&#8221;center&#8221;][\/vc_column][vc_column width=&#8221;7\/12&#8243;][vc_row_inner][vc_column_inner width=&#8221;11\/12&#8243;]<div class=\"custom-font \" style=\"text-align:left\"><h2 class=\"custom-font-element custom-font-4  vc_custom_1453471203047\" style=\"font-size:24px; line-height:28px; text-transform:uppercase; letter-spacing:1px; color:#333333; \">ARRUGAS DE EXPRESI\u00d3N<\/h2 ><\/div><div class=\"custom-font \" style=\"text-align:justify\"><p class=\"custom-font-element  \" style=\"font-size:14px; line-height:22px; letter-spacing:0px; color:#555555; \"><div class=\"divider empty-space\" style=\"text-align:left;\"><div class=\"divider-elm empty-space\" style=\"margin-top:5px; \"><\/div><\/div>Este efecto lo conseguimos con el <strong>tratamiento de las arrugas de expresi\u00f3n\u00a0 <\/strong>est\u00e1 indicado para <strong>corregir las arrugas de expresi\u00f3n<\/strong> en el tercio superior de la cara como la frente, entrecejo y las \u00abpatas de gallo\u00bb.<\/p>\n<p>&nbsp;<\/p>\n<p>&nbsp;<\/p>\n<p>Este producto es una prote\u00edna purificada que se inyecta en min\u00fasculas cantidades para relajar los m\u00fasculos del rostro que provocan estas arrugas\u2026<\/p ><\/div><div class=\"divider empty-space\" style=\"text-align:left;\"><div class=\"divider-elm empty-space\" style=\"margin-top:25px; \"><\/div><\/div>[vc_raw_html]JTNDYSUyMG5hbWUlM0QlMjJwb3NpY2lvbjIlMjIlM0UlM0MlMkZhJTNF[\/vc_raw_html]<a class=\"za-btn  \" href=\"https:\/\/clinicadentalbadalona.com\/medicina-estetica\/arrugas-de-expresion\" target=\"_self\" style=\" font-size:12px;  padding-top:8px; padding-bottom:8px;  padding-right:20px;  padding-left:20px;  color: #ffffff;  background-color: #00ac9e; \" onmouseover=\" this.style.color='#000000'; this.style.backgroundColor='#00ac9e'; this.style.borderColor='#c1c1c1';\" onmouseout=\" this.style.color='#ffffff'; this.style.backgroundColor='#00ac9e';\"><span class=\"button-text\">Ver m\u00e1s<\/span><\/a>[\/vc_column_inner][vc_column_inner width=&#8221;1\/12&#8243;][\/vc_column_inner][\/vc_row_inner][\/vc_column][\/vc_row][vc_row background_color=&#8221;#ffffff&#8221; css=&#8221;.vc_custom_1460040200479{padding-top: 70px !important;padding-bottom: 70px !important;}&#8221;][vc_column width=&#8221;7\/12&#8243;][vc_row_inner][vc_column_inner width=&#8221;1\/12&#8243;][\/vc_column_inner][vc_column_inner width=&#8221;11\/12&#8243;]<div class=\"custom-font \" style=\"text-align:left\"><h2 class=\"custom-font-element custom-font-4  vc_custom_1453470474529\" style=\"font-size:24px; line-height:28px; text-transform:uppercase; letter-spacing:1px; color:#333333; \">MESOTERAPIA FACIAL<\/h2 ><\/div><div class=\"custom-font \" style=\"text-align:justify\"><p class=\"custom-font-element  \" style=\"font-size:14px; line-height:22px; letter-spacing:0px; color:#555555; \"><div class=\"divider empty-space\" style=\"text-align:left;\"><div class=\"divider-elm empty-space\" style=\"margin-top:5px; \"><\/div><\/div>Es ideal para conseguir luminosidad y una hidrataci\u00f3n profunda de la piel.<\/p>\n<p>La piel refleja el estado de nuestra salud y nuestra edad.\u00a0 El paso de los a\u00f1os, la exposici\u00f3n\u00a0 al sol, los desequilibrios hormonales \u2026 hacen que perdamos hidrataci\u00f3n, acumulemos toxinas y que la melanina de la piel se distribuya de forma irregular dando lugar a la aparici\u00f3n de manchas.<\/p ><\/div><div class=\"divider empty-space\" style=\"text-align:left;\"><div class=\"divider-elm empty-space\" style=\"margin-top:25px; \"><\/div><\/div>[vc_raw_html]JTNDYSUyMG5hbWUlM0QlMjJwb3NpY2lvbjMlMjIlM0UlM0MlMkZhJTNF[\/vc_raw_html]<a class=\"za-btn  \" href=\"https:\/\/clinicadentalbadalona.com\/medicina-estetica\/mesoterapia-facial\" target=\"_self\" style=\" font-size:12px;  padding-top:8px; padding-bottom:8px;  padding-right:20px;  padding-left:20px;  color: #ffffff;  background-color: #00ac9e; \" onmouseover=\" this.style.color='#000000'; this.style.backgroundColor='#00ac9e'; this.style.borderColor='#c1c1c1';\" onmouseout=\" this.style.color='#ffffff'; this.style.backgroundColor='#00ac9e';\"><span class=\"button-text\">Ver m\u00e1s<\/span><\/a>[\/vc_column_inner][\/vc_row_inner][\/vc_column][vc_column width=&#8221;5\/12&#8243; text_align=&#8221;center&#8221; css=&#8221;.vc_custom_1450138938354{padding-right: 50px !important;padding-left: 50px !important;}&#8221;][vc_single_image image=&#8221;8769&#8243; img_size=&#8221;352X265&#8243; alignment=&#8221;center&#8221;][\/vc_column][\/vc_row][vc_row background_color=&#8221;#dcfefe&#8221; css=&#8221;.vc_custom_1460130006500{padding-top: 70px !important;padding-bottom: 70px !important;}&#8221;][vc_column width=&#8221;5\/12&#8243; text_align=&#8221;center&#8221; css=&#8221;.vc_custom_1450137425643{padding-right: 50px !important;padding-left: 50px !important;}&#8221;][vc_single_image image=&#8221;8805&#8243; img_size=&#8221;352X265&#8243; alignment=&#8221;center&#8221;][\/vc_column][vc_column width=&#8221;7\/12&#8243;][vc_row_inner][vc_column_inner width=&#8221;11\/12&#8243;]<div class=\"custom-font \" style=\"text-align:left\"><h2 class=\"custom-font-element custom-font-4  vc_custom_1453470649366\" style=\"font-size:24px; line-height:28px; text-transform:uppercase; letter-spacing:1px; color:#333333; \">RELLENO DE ARRUGAS<\/h2 ><\/div><div class=\"custom-font \" style=\"text-align:justify\"><p class=\"custom-font-element  \" style=\"font-size:14px; line-height:22px; letter-spacing:0px; color:#555555; \"><div class=\"divider empty-space\" style=\"text-align:left;\"><div class=\"divider-elm empty-space\" style=\"margin-top:5px; \"><\/div><\/div>Con el paso del tiempo la piel pierde tersura, brillo, luminosidad y elasticidad. Aparecen finas arrugas que con el tiempo se transforman en surcos.<\/p>\n<p>La p\u00e9rdida de grasa subcut\u00e1nea, que va consumi\u00e9ndose con la edad,\u00a0 hace que estos \u00a0surcos sean cada vez m\u00e1s marcados y propicia la aparici\u00f3n de la temida flacidez (piel despegada del m\u00fasculo) &#8230;<\/p ><\/div><div class=\"divider empty-space\" style=\"text-align:left;\"><div class=\"divider-elm empty-space\" style=\"margin-top:25px; \"><\/div><\/div>[vc_raw_html]JTNDYSUyMG5hbWUlM0QlMjJwb3NpY2lvbjQlMjIlM0UlM0MlMkZhJTNF[\/vc_raw_html]<a class=\"za-btn  \" href=\"https:\/\/clinicadentalbadalona.com\/medicina-estetica\/relleno-de-arrugas\" target=\"_self\" style=\" font-size:12px;  padding-top:8px; padding-bottom:8px;  padding-right:20px;  padding-left:20px;  color: #ffffff;  background-color: #00ac9e; \" onmouseover=\" this.style.color='#000000'; this.style.backgroundColor='#00ac9e'; this.style.borderColor='#c1c1c1';\" onmouseout=\" this.style.color='#ffffff'; this.style.backgroundColor='#00ac9e';\"><span class=\"button-text\">Ver m\u00e1s<\/span><\/a>[\/vc_column_inner][vc_column_inner width=&#8221;1\/12&#8243;][\/vc_column_inner][\/vc_row_inner][\/vc_column][\/vc_row][vc_row background_color=&#8221;#ffffff&#8221; css=&#8221;.vc_custom_1460040234134{padding-top: 70px !important;padding-bottom: 70px !important;}&#8221;][vc_column width=&#8221;7\/12&#8243;][vc_row_inner][vc_column_inner width=&#8221;1\/12&#8243;][\/vc_column_inner][vc_column_inner width=&#8221;11\/12&#8243;]<div class=\"custom-font \" style=\"text-align:left\"><h2 class=\"custom-font-element custom-font-4  vc_custom_1460076783741\" style=\"font-size:24px; line-height:28px; text-transform:uppercase; letter-spacing:1px; color:#333333; \">MANCHAS, REJUVENECIMIENTO FACIAL<br \/>\n( PEELING)<\/h2 ><\/div><div class=\"custom-font \" style=\"text-align:justify\"><p class=\"custom-font-element  \" style=\"font-size:14px; line-height:22px; letter-spacing:0px; color:#555555; \"><div class=\"divider empty-space\" style=\"text-align:left;\"><div class=\"divider-elm empty-space\" style=\"margin-top:5px; \"><\/div><\/div>Con el paso del tiempo y la exposici\u00f3n al sol comienzan a aparecer las primeras manchas y se empieza a perder la unificaci\u00f3n del color de la piel. Estos signos nos indican que estamos ante el inicio del envejecimiento y desgaste de nuestra piel.<\/p>\n<p>El peeling qu\u00edmico es un tratamiento m\u00e9dico que act\u00faa con mayor o menor profundidad en nuestra piel&#8230;<\/p ><\/div><div class=\"divider empty-space\" style=\"text-align:left;\"><div class=\"divider-elm empty-space\" style=\"margin-top:25px; \"><\/div><\/div>[vc_raw_html]JTNDYSUyMG5hbWUlM0QlMjJwb3NpY2lvbjUlMjIlM0UlM0MlMkZhJTNF[\/vc_raw_html]<a class=\"za-btn  \" href=\"https:\/\/clinicadentalbadalona.com\/medicina-estetica\/manchas-rejuvenecimiento-facial\" target=\"_self\" style=\" font-size:12px;  padding-top:8px; padding-bottom:8px;  padding-right:20px;  padding-left:20px;  color: #ffffff;  background-color: #00ac9e; \" onmouseover=\" this.style.color='#000000'; this.style.backgroundColor='#00ac9e'; this.style.borderColor='#c1c1c1';\" onmouseout=\" this.style.color='#ffffff'; this.style.backgroundColor='#00ac9e';\"><span class=\"button-text\">Ver m\u00e1s<\/span><\/a>[\/vc_column_inner][\/vc_row_inner][\/vc_column][vc_column width=&#8221;5\/12&#8243; css=&#8221;.vc_custom_1450137447370{padding-right: 50px !important;padding-left: 50px !important;}&#8221;][vc_single_image image=&#8221;8771&#8243; img_size=&#8221;352X265&#8243; alignment=&#8221;center&#8221;][\/vc_column][\/vc_row][vc_row background_color=&#8221;#e3f2fd&#8221; css=&#8221;.vc_custom_1460040357695{padding-top: 70px !important;padding-bottom: 70px !important;}&#8221;][vc_column width=&#8221;5\/12&#8243; css=&#8221;.vc_custom_1450138863818{padding-right: 50px !important;padding-left: 50px !important;}&#8221;][vc_single_image image=&#8221;8772&#8243; img_size=&#8221;352X265&#8243; alignment=&#8221;center&#8221;][\/vc_column][vc_column width=&#8221;7\/12&#8243;][vc_row_inner][vc_column_inner width=&#8221;11\/12&#8243;]<div class=\"custom-font \" style=\"text-align:left\"><h2 class=\"custom-font-element custom-font-4  vc_custom_1453471803272\" style=\"font-size:24px; line-height:28px; text-transform:uppercase; letter-spacing:1px; color:#333333; \">LIFTING CON HILOS TENSORES<\/h2 ><\/div><div class=\"custom-font \" style=\"text-align:justify\"><p class=\"custom-font-element  \" style=\"font-size:14px; line-height:22px; letter-spacing:0px; color:#555555; \"><div class=\"divider empty-space\" style=\"text-align:left;\"><div class=\"divider-elm empty-space\" style=\"margin-top:5px; \"><\/div><\/div>Ya podemos observar los resultados inmediatamente despu\u00e9s de la intervenci\u00f3n: el reposicionamiento y recuperaci\u00f3n de la flexibilidad de las estructuras faciales.<\/p>\n<p>Es una t\u00e9cnica sencilla y r\u00e1pida que, aunque no es un acto quir\u00fargico en si mismo, se realiza con anestesia local y tiene la ventaja de una c\u00f3moda y r\u00e1pida recuperaci\u00f3n permitiendo al paciente una reincorporaci\u00f3n a su vida laboral casi inmediata&#8230;<\/p ><\/div><div class=\"divider empty-space\" style=\"text-align:left;\"><div class=\"divider-elm empty-space\" style=\"margin-top:25px; \"><\/div><\/div>[vc_raw_html]JTNDYSUyMG5hbWUlM0QlMjJwb3NpY2lvbjYlMjIlM0UlM0MlMkZhJTNF[\/vc_raw_html]<a class=\"za-btn  \" href=\"https:\/\/clinicadentalbadalona.com\/medicina-estetica\/lifting-con-hilos-tensores\" target=\"_self\" style=\" font-size:12px;  padding-top:8px; padding-bottom:8px;  padding-right:20px;  padding-left:20px;  color: #ffffff;  background-color: #00ac9e; \" onmouseover=\" this.style.color='#000000'; this.style.backgroundColor='#00ac9e'; this.style.borderColor='#c1c1c1';\" onmouseout=\" this.style.color='#ffffff'; this.style.backgroundColor='#00ac9e';\"><span class=\"button-text\">Ver m\u00e1s<\/span><\/a>[\/vc_column_inner][vc_column_inner width=&#8221;1\/12&#8243;][\/vc_column_inner][\/vc_row_inner][\/vc_column][\/vc_row][vc_row][vc_column]<div class=\"divider empty-space\" style=\"text-align:left;\"><div class=\"divider-elm empty-space\" style=\"\"><\/div><\/div>[\/vc_column][\/vc_row][vc_row background_color=&#8221;#004763&#8243;][vc_column width=&#8221;2\/3&#8243;]<div class=\"divider empty-space\" style=\"text-align:left;\"><div class=\"divider-elm empty-space\" style=\"margin-bottom:50px; \"><\/div><\/div><div class=\"custom-font \" style=\"text-align:left\"><h4 class=\"custom-font-element custom-font-4  vc_custom_1463015798852\" style=\"font-size:22px; line-height:34px; letter-spacing:1px; color:#ffffff; \">UN BONIC SOMRIURE MARCA LA DIFERENCIA<\/h4 ><\/div><div class=\"divider empty-space\" style=\"text-align:left;\"><div class=\"divider-elm empty-space\" style=\"\"><\/div><\/div><div class=\"custom-font \" style=\"text-align:left\"><p class=\"custom-font-element  \" style=\"font-size:16px; line-height:22px; letter-spacing:0px; color:#ffffff; \">Explica&#8217;ns que et succeeix i la imatge que vols transmetre,<br \/>\nnosaltres t&#8217;ajudarem a aconseguir-ho.<\/p ><\/div>[\/vc_column][vc_column width=&#8221;1\/3&#8243; text_align=&#8221;center&#8221;]<div class=\"divider empty-space\" style=\"text-align:left;\"><div class=\"divider-elm empty-space\" style=\"margin-bottom:50px; \"><\/div><\/div><div class=\"custom-font \" style=\"text-align:center\"><h4 class=\"custom-font-element custom-font-4  vc_custom_1463015874340\" style=\"font-size:20px; line-height:34px; letter-spacing:1px; color:#ffffff; \">EXPLICA&#8217;NS EL TEU CAS<\/h4 ><\/div><div class=\"divider empty-space\" style=\"text-align:left;\"><div class=\"divider-elm empty-space\" style=\"\"><\/div><\/div><a class=\"za-btn custom-font-5 animate_icon\" href=\"https:\/\/clinicadentalbadalona.com\/contacto\" target=\"_self\" style=\" font-size:12px;  letter-spacing:1px;  padding-top:15px; padding-bottom:15px;  padding-right:25px;  padding-left:25px;  border:1px solid #ffffff;  border-radius: 3px; -webkit-border-radius: 3px; -moz-border-radius: 3px; -o-border-radius: 3px;  color: #00b1a3; \" onmouseover=\" this.style.color='#ffffff'; this.style.borderColor='#00b1a3';\" onmouseout=\" this.style.borderColor='#ffffff'; this.style.color='#00b1a3';\"><span class=\"button-text\"><span class=\"icon\"><i class=\"icon-arrow-right4\"><\/i><\/span>Contactar<\/span><\/a><div class=\"divider empty-space\" style=\"text-align:left;\"><div class=\"divider-elm empty-space\" style=\"margin-bottom:50px; \"><\/div><\/div>[\/vc_column][\/vc_row][vc_row][vc_column]<div class=\"divider empty-space\" style=\"text-align:left;\"><div class=\"divider-elm empty-space\" style=\"margin-top:20px; \"><\/div><\/div>[\/vc_column][\/vc_row][vc_row][vc_column width=&#8221;1\/12&#8243;][\/vc_column][vc_column width=&#8221;8\/12&#8243;][\/vc_column][vc_column width=&#8221;3\/12&#8243;]<div class=\"custom-font \" style=\"text-align:left\"><p class=\"custom-font-element  \" style=\"font-size:14px; line-height:1px; color:#004763; \"><span style=\"color: #004763;\"><a style=\"color: #004763;\" href=\"https:\/\/clinicadentalbadalona.com\/ca\/contacte\">Contacte<\/a><\/span>\u00a0 \u00a0 \u00a0<span style=\"color: #004763;\"><a style=\"color: #004763;\" href=\"https:\/\/clinicadentalbadalona.com\/ca\/avis-legal\">Avis Legal<\/a><\/span><\/p ><\/div>[\/vc_column][\/vc_row][vc_row][vc_column]<div class=\"divider empty-space\" style=\"text-align:left;\"><div class=\"divider-elm empty-space\" style=\"margin-top:20px; \"><\/div><\/div>[\/vc_column][\/vc_row][vc_row][vc_column][vc_column_text]<\/p>\n<p><span style=\"border-radius: 2px; text-indent: 20px; width: auto; padding: 0px 4px 0px 0px; text-align: center; font: bold 11px\/20px 'Helvetica Neue',Helvetica,sans-serif; color: #ffffff; background: #bd081c no-repeat scroll 3px 50% \/ 14px 14px; position: absolute; opacity: 1; z-index: 8675309; display: none; cursor: pointer;\">Save<\/span>[\/vc_column_text][\/vc_column][\/vc_row]<\/p>\n","protected":false},"excerpt":{"rendered":"<p>[vc_row row_type=&#8221;fullwidth_content&#8221; parallax_speed=&#8221;0.5&#8243;][vc_column][rev_slider_vc alias=&#8221;oral-maxilofacial_cat&#8221;][\/vc_column][\/vc_row][vc_row][vc_column][\/vc_column][\/vc_row][vc_row][vc_column width=&#8221;1\/12&#8243;][\/vc_column][vc_column width=&#8221;10\/12&#8243;][vc_row_inner][vc_column_inner width=&#8221;1\/2&#8243;][\/vc_column_inner][vc_column_inner width=&#8221;1\/2&#8243;][\/vc_column_inner][\/vc_row_inner][\/vc_column][vc_column width=&#8221;1\/12&#8243;][\/vc_column][\/vc_row][vc_row][vc_column][\/vc_column][\/vc_row][vc_row row_type=&#8221;fullwidth_content&#8221; parallax_speed=&#8221;0.5&#8243;][vc_column width=&#8221;3\/12&#8243;][\/vc_column][vc_column width=&#8221;6\/12&#8243;][vc_row_inner content_placement=&#8221;middle&#8221;][vc_column_inner width=&#8221;1\/3&#8243; text_align=&#8221;center&#8221;][\/vc_column_inner][vc_column_inner width=&#8221;1\/3&#8243; text_align=&#8221;center&#8221;][\/vc_column_inner][vc_column_inner width=&#8221;1\/3&#8243; text_align=&#8221;center&#8221;][\/vc_column_inner][\/vc_row_inner][\/vc_column][vc_column width=&#8221;3\/12&#8243;][\/vc_column][\/vc_row][vc_row row_type=&#8221;fullwidth_content&#8221; parallax_speed=&#8221;0.5&#8243;][vc_column width=&#8221;4\/12&#8243;][\/vc_column][vc_column width=&#8221;4\/12&#8243;][vc_row_inner content_placement=&#8221;middle&#8221;][vc_column_inner width=&#8221;1\/2&#8243; text_align=&#8221;center&#8221;][vc_raw_html]JTNDYSUyMG5hbWUlM0QlMjJwb3NpY2lvbjElMjIlM0UlM0MlMkZhJTNF[\/vc_raw_html][\/vc_column_inner][vc_column_inner width=&#8221;1\/2&#8243;][\/vc_column_inner][\/vc_row_inner][\/vc_column][vc_column width=&#8221;4\/12&#8243;][\/vc_column][\/vc_row][vc_row][vc_column][\/vc_column][\/vc_row][vc_row background_color=&#8221;#e3f2fd&#8221; css=&#8221;.vc_custom_1460040186064{padding-top: 70px !important;padding-bottom: 70px !important;}&#8221;][vc_column width=&#8221;5\/12&#8243; text_align=&#8221;center&#8221; css=&#8221;.vc_custom_1450139043202{padding-right: 50px !important;padding-left: 50px !important;}&#8221;][vc_single_image image=&#8221;8768&#8243; img_size=&#8221;352X265&#8243; alignment=&#8221;center&#8221;][\/vc_column][vc_column width=&#8221;7\/12&#8243;][vc_row_inner][vc_column_inner width=&#8221;11\/12&#8243;][vc_raw_html]JTNDYSUyMG5hbWUlM0QlMjJwb3NpY2lvbjIlMjIlM0UlM0MlMkZhJTNF[\/vc_raw_html][\/vc_column_inner][vc_column_inner width=&#8221;1\/12&#8243;][\/vc_column_inner][\/vc_row_inner][\/vc_column][\/vc_row][vc_row background_color=&#8221;#ffffff&#8221;&#8230;<\/p>\n","protected":false},"author":1,"featured_media":0,"parent":0,"menu_order":0,"comment_status":"closed","ping_status":"closed","template":"template-builder.php","meta":{"_joinchat":[],"footnotes":""},"class_list":["post-9348","page","type-page","status-publish","hentry"],"yoast_head":"<!-- This site is optimized with the Yoast SEO plugin v26.8 - https:\/\/yoast.com\/product\/yoast-seo-wordpress\/ -->\n<title>Medicina Est\u00e8tica - Ull Dent | Cl\u00ednica dental y medicina est\u00e9tica Badalona<\/title>\n<meta name=\"robots\" content=\"index, follow, max-snippet:-1, max-image-preview:large, max-video-preview:-1\" \/>\n<link rel=\"canonical\" href=\"https:\/\/clinicadentalbadalona.com\/ca\/medicina-estetica\/\" \/>\n<meta property=\"og:locale\" content=\"ca_ES\" \/>\n<meta property=\"og:type\" content=\"article\" \/>\n<meta property=\"og:title\" content=\"Medicina Est\u00e8tica - Ull Dent | Cl\u00ednica dental y medicina est\u00e9tica Badalona\" \/>\n<meta property=\"og:description\" content=\"[vc_row row_type=&#8221;fullwidth_content&#8221; parallax_speed=&#8221;0.5&#8243;][vc_column][rev_slider_vc alias=&#8221;oral-maxilofacial_cat&#8221;][\/vc_column][\/vc_row][vc_row][vc_column][\/vc_column][\/vc_row][vc_row][vc_column width=&#8221;1\/12&#8243;][\/vc_column][vc_column width=&#8221;10\/12&#8243;][vc_row_inner][vc_column_inner width=&#8221;1\/2&#8243;][\/vc_column_inner][vc_column_inner width=&#8221;1\/2&#8243;][\/vc_column_inner][\/vc_row_inner][\/vc_column][vc_column width=&#8221;1\/12&#8243;][\/vc_column][\/vc_row][vc_row][vc_column][\/vc_column][\/vc_row][vc_row row_type=&#8221;fullwidth_content&#8221; parallax_speed=&#8221;0.5&#8243;][vc_column width=&#8221;3\/12&#8243;][\/vc_column][vc_column width=&#8221;6\/12&#8243;][vc_row_inner content_placement=&#8221;middle&#8221;][vc_column_inner width=&#8221;1\/3&#8243; text_align=&#8221;center&#8221;][\/vc_column_inner][vc_column_inner width=&#8221;1\/3&#8243; text_align=&#8221;center&#8221;][\/vc_column_inner][vc_column_inner width=&#8221;1\/3&#8243; text_align=&#8221;center&#8221;][\/vc_column_inner][\/vc_row_inner][\/vc_column][vc_column width=&#8221;3\/12&#8243;][\/vc_column][\/vc_row][vc_row row_type=&#8221;fullwidth_content&#8221; parallax_speed=&#8221;0.5&#8243;][vc_column width=&#8221;4\/12&#8243;][\/vc_column][vc_column width=&#8221;4\/12&#8243;][vc_row_inner content_placement=&#8221;middle&#8221;][vc_column_inner width=&#8221;1\/2&#8243; text_align=&#8221;center&#8221;][vc_raw_html]JTNDYSUyMG5hbWUlM0QlMjJwb3NpY2lvbjElMjIlM0UlM0MlMkZhJTNF[\/vc_raw_html][\/vc_column_inner][vc_column_inner width=&#8221;1\/2&#8243;][\/vc_column_inner][\/vc_row_inner][\/vc_column][vc_column width=&#8221;4\/12&#8243;][\/vc_column][\/vc_row][vc_row][vc_column][\/vc_column][\/vc_row][vc_row background_color=&#8221;#e3f2fd&#8221; css=&#8221;.vc_custom_1460040186064{padding-top: 70px !important;padding-bottom: 70px !important;}&#8221;][vc_column width=&#8221;5\/12&#8243; text_align=&#8221;center&#8221; css=&#8221;.vc_custom_1450139043202{padding-right: 50px !important;padding-left: 50px !important;}&#8221;][vc_single_image image=&#8221;8768&#8243; img_size=&#8221;352X265&#8243; alignment=&#8221;center&#8221;][\/vc_column][vc_column width=&#8221;7\/12&#8243;][vc_row_inner][vc_column_inner width=&#8221;11\/12&#8243;][vc_raw_html]JTNDYSUyMG5hbWUlM0QlMjJwb3NpY2lvbjIlMjIlM0UlM0MlMkZhJTNF[\/vc_raw_html][\/vc_column_inner][vc_column_inner width=&#8221;1\/12&#8243;][\/vc_column_inner][\/vc_row_inner][\/vc_column][\/vc_row][vc_row background_color=&#8221;#ffffff&#8221;...\" \/>\n<meta property=\"og:url\" content=\"https:\/\/clinicadentalbadalona.com\/ca\/medicina-estetica\/\" \/>\n<meta property=\"og:site_name\" content=\"Ull Dent | Cl\u00ednica dental y medicina est\u00e9tica Badalona\" \/>\n<meta property=\"article:modified_time\" content=\"2022-10-05T07:43:44+00:00\" \/>\n<meta property=\"og:image\" content=\"https:\/\/clinicadentalbadalona.com.mialias.net\/wp-content\/uploads\/2016\/02\/favicon.png\" \/>\n<meta name=\"twitter:card\" content=\"summary_large_image\" \/>\n<meta name=\"twitter:label1\" content=\"Temps estimat de lectura\" \/>\n\t<meta name=\"twitter:data1\" content=\"6 minuts\" \/>\n<script type=\"application\/ld+json\" class=\"yoast-schema-graph\">{\"@context\":\"https:\/\/schema.org\",\"@graph\":[{\"@type\":\"WebPage\",\"@id\":\"https:\/\/clinicadentalbadalona.com\/ca\/medicina-estetica\/\",\"url\":\"https:\/\/clinicadentalbadalona.com\/ca\/medicina-estetica\/\",\"name\":\"Medicina Est\u00e8tica - Ull Dent | Cl\u00ednica dental y medicina est\u00e9tica Badalona\",\"isPartOf\":{\"@id\":\"https:\/\/clinicadentalbadalona.com\/#website\"},\"primaryImageOfPage\":{\"@id\":\"https:\/\/clinicadentalbadalona.com\/ca\/medicina-estetica\/#primaryimage\"},\"image\":{\"@id\":\"https:\/\/clinicadentalbadalona.com\/ca\/medicina-estetica\/#primaryimage\"},\"thumbnailUrl\":\"https:\/\/clinicadentalbadalona.com.mialias.net\/wp-content\/uploads\/2016\/02\/favicon.png\",\"datePublished\":\"2015-11-25T18:44:46+00:00\",\"dateModified\":\"2022-10-05T07:43:44+00:00\",\"breadcrumb\":{\"@id\":\"https:\/\/clinicadentalbadalona.com\/ca\/medicina-estetica\/#breadcrumb\"},\"inLanguage\":\"ca\",\"potentialAction\":[{\"@type\":\"ReadAction\",\"target\":[\"https:\/\/clinicadentalbadalona.com\/ca\/medicina-estetica\/\"]}]},{\"@type\":\"ImageObject\",\"inLanguage\":\"ca\",\"@id\":\"https:\/\/clinicadentalbadalona.com\/ca\/medicina-estetica\/#primaryimage\",\"url\":\"https:\/\/clinicadentalbadalona.com.mialias.net\/wp-content\/uploads\/2016\/02\/favicon.png\",\"contentUrl\":\"https:\/\/clinicadentalbadalona.com.mialias.net\/wp-content\/uploads\/2016\/02\/favicon.png\"},{\"@type\":\"BreadcrumbList\",\"@id\":\"https:\/\/clinicadentalbadalona.com\/ca\/medicina-estetica\/#breadcrumb\",\"itemListElement\":[{\"@type\":\"ListItem\",\"position\":1,\"name\":\"Portada\",\"item\":\"https:\/\/clinicadentalbadalona.com\/ca\/\"},{\"@type\":\"ListItem\",\"position\":2,\"name\":\"Medicina Est\u00e8tica\"}]},{\"@type\":\"WebSite\",\"@id\":\"https:\/\/clinicadentalbadalona.com\/#website\",\"url\":\"https:\/\/clinicadentalbadalona.com\/\",\"name\":\"Ull Dent | Cl\u00ednica dental y medicina est\u00e9tica Badalona\",\"description\":\"Clinica Dental | Dentista Badalona - Implantes dentales Periodoncia avanzada Cirugia Oral Est\u00e9tica Dental Odontolog\u00eda preventiva\",\"publisher\":{\"@id\":\"https:\/\/clinicadentalbadalona.com\/#organization\"},\"potentialAction\":[{\"@type\":\"SearchAction\",\"target\":{\"@type\":\"EntryPoint\",\"urlTemplate\":\"https:\/\/clinicadentalbadalona.com\/?s={search_term_string}\"},\"query-input\":{\"@type\":\"PropertyValueSpecification\",\"valueRequired\":true,\"valueName\":\"search_term_string\"}}],\"inLanguage\":\"ca\"},{\"@type\":\"Organization\",\"@id\":\"https:\/\/clinicadentalbadalona.com\/#organization\",\"name\":\"Ull Dent | Cl\u00ednica dental y medicina est\u00e9tica Badalona\",\"url\":\"https:\/\/clinicadentalbadalona.com\/\",\"logo\":{\"@type\":\"ImageObject\",\"inLanguage\":\"ca\",\"@id\":\"https:\/\/clinicadentalbadalona.com\/#\/schema\/logo\/image\/\",\"url\":\"https:\/\/clinicadentalbadalona.com\/wp-content\/uploads\/2020\/11\/clinicaulldent_logo1color_lq.png\",\"contentUrl\":\"https:\/\/clinicadentalbadalona.com\/wp-content\/uploads\/2020\/11\/clinicaulldent_logo1color_lq.png\",\"width\":1182,\"height\":199,\"caption\":\"Ull Dent | Cl\u00ednica dental y medicina est\u00e9tica Badalona\"},\"image\":{\"@id\":\"https:\/\/clinicadentalbadalona.com\/#\/schema\/logo\/image\/\"}}]}<\/script>\n<!-- \/ Yoast SEO plugin. -->","yoast_head_json":{"title":"Medicina Est\u00e8tica - Ull Dent | Cl\u00ednica dental y medicina est\u00e9tica Badalona","robots":{"index":"index","follow":"follow","max-snippet":"max-snippet:-1","max-image-preview":"max-image-preview:large","max-video-preview":"max-video-preview:-1"},"canonical":"https:\/\/clinicadentalbadalona.com\/ca\/medicina-estetica\/","og_locale":"ca_ES","og_type":"article","og_title":"Medicina Est\u00e8tica - Ull Dent | Cl\u00ednica dental y medicina est\u00e9tica Badalona","og_description":"[vc_row row_type=&#8221;fullwidth_content&#8221; parallax_speed=&#8221;0.5&#8243;][vc_column][rev_slider_vc alias=&#8221;oral-maxilofacial_cat&#8221;][\/vc_column][\/vc_row][vc_row][vc_column][\/vc_column][\/vc_row][vc_row][vc_column width=&#8221;1\/12&#8243;][\/vc_column][vc_column width=&#8221;10\/12&#8243;][vc_row_inner][vc_column_inner width=&#8221;1\/2&#8243;][\/vc_column_inner][vc_column_inner width=&#8221;1\/2&#8243;][\/vc_column_inner][\/vc_row_inner][\/vc_column][vc_column width=&#8221;1\/12&#8243;][\/vc_column][\/vc_row][vc_row][vc_column][\/vc_column][\/vc_row][vc_row row_type=&#8221;fullwidth_content&#8221; parallax_speed=&#8221;0.5&#8243;][vc_column width=&#8221;3\/12&#8243;][\/vc_column][vc_column width=&#8221;6\/12&#8243;][vc_row_inner content_placement=&#8221;middle&#8221;][vc_column_inner width=&#8221;1\/3&#8243; text_align=&#8221;center&#8221;][\/vc_column_inner][vc_column_inner width=&#8221;1\/3&#8243; text_align=&#8221;center&#8221;][\/vc_column_inner][vc_column_inner width=&#8221;1\/3&#8243; text_align=&#8221;center&#8221;][\/vc_column_inner][\/vc_row_inner][\/vc_column][vc_column width=&#8221;3\/12&#8243;][\/vc_column][\/vc_row][vc_row row_type=&#8221;fullwidth_content&#8221; parallax_speed=&#8221;0.5&#8243;][vc_column width=&#8221;4\/12&#8243;][\/vc_column][vc_column width=&#8221;4\/12&#8243;][vc_row_inner content_placement=&#8221;middle&#8221;][vc_column_inner width=&#8221;1\/2&#8243; text_align=&#8221;center&#8221;][vc_raw_html]JTNDYSUyMG5hbWUlM0QlMjJwb3NpY2lvbjElMjIlM0UlM0MlMkZhJTNF[\/vc_raw_html][\/vc_column_inner][vc_column_inner width=&#8221;1\/2&#8243;][\/vc_column_inner][\/vc_row_inner][\/vc_column][vc_column width=&#8221;4\/12&#8243;][\/vc_column][\/vc_row][vc_row][vc_column][\/vc_column][\/vc_row][vc_row background_color=&#8221;#e3f2fd&#8221; css=&#8221;.vc_custom_1460040186064{padding-top: 70px !important;padding-bottom: 70px !important;}&#8221;][vc_column width=&#8221;5\/12&#8243; text_align=&#8221;center&#8221; css=&#8221;.vc_custom_1450139043202{padding-right: 50px !important;padding-left: 50px !important;}&#8221;][vc_single_image image=&#8221;8768&#8243; img_size=&#8221;352X265&#8243; alignment=&#8221;center&#8221;][\/vc_column][vc_column width=&#8221;7\/12&#8243;][vc_row_inner][vc_column_inner width=&#8221;11\/12&#8243;][vc_raw_html]JTNDYSUyMG5hbWUlM0QlMjJwb3NpY2lvbjIlMjIlM0UlM0MlMkZhJTNF[\/vc_raw_html][\/vc_column_inner][vc_column_inner width=&#8221;1\/12&#8243;][\/vc_column_inner][\/vc_row_inner][\/vc_column][\/vc_row][vc_row background_color=&#8221;#ffffff&#8221;...","og_url":"https:\/\/clinicadentalbadalona.com\/ca\/medicina-estetica\/","og_site_name":"Ull Dent | Cl\u00ednica dental y medicina est\u00e9tica Badalona","article_modified_time":"2022-10-05T07:43:44+00:00","og_image":[{"url":"https:\/\/clinicadentalbadalona.com.mialias.net\/wp-content\/uploads\/2016\/02\/favicon.png","type":"","width":"","height":""}],"twitter_card":"summary_large_image","twitter_misc":{"Temps estimat de lectura":"6 minuts"},"schema":{"@context":"https:\/\/schema.org","@graph":[{"@type":"WebPage","@id":"https:\/\/clinicadentalbadalona.com\/ca\/medicina-estetica\/","url":"https:\/\/clinicadentalbadalona.com\/ca\/medicina-estetica\/","name":"Medicina Est\u00e8tica - Ull Dent | Cl\u00ednica dental y medicina est\u00e9tica Badalona","isPartOf":{"@id":"https:\/\/clinicadentalbadalona.com\/#website"},"primaryImageOfPage":{"@id":"https:\/\/clinicadentalbadalona.com\/ca\/medicina-estetica\/#primaryimage"},"image":{"@id":"https:\/\/clinicadentalbadalona.com\/ca\/medicina-estetica\/#primaryimage"},"thumbnailUrl":"https:\/\/clinicadentalbadalona.com.mialias.net\/wp-content\/uploads\/2016\/02\/favicon.png","datePublished":"2015-11-25T18:44:46+00:00","dateModified":"2022-10-05T07:43:44+00:00","breadcrumb":{"@id":"https:\/\/clinicadentalbadalona.com\/ca\/medicina-estetica\/#breadcrumb"},"inLanguage":"ca","potentialAction":[{"@type":"ReadAction","target":["https:\/\/clinicadentalbadalona.com\/ca\/medicina-estetica\/"]}]},{"@type":"ImageObject","inLanguage":"ca","@id":"https:\/\/clinicadentalbadalona.com\/ca\/medicina-estetica\/#primaryimage","url":"https:\/\/clinicadentalbadalona.com.mialias.net\/wp-content\/uploads\/2016\/02\/favicon.png","contentUrl":"https:\/\/clinicadentalbadalona.com.mialias.net\/wp-content\/uploads\/2016\/02\/favicon.png"},{"@type":"BreadcrumbList","@id":"https:\/\/clinicadentalbadalona.com\/ca\/medicina-estetica\/#breadcrumb","itemListElement":[{"@type":"ListItem","position":1,"name":"Portada","item":"https:\/\/clinicadentalbadalona.com\/ca\/"},{"@type":"ListItem","position":2,"name":"Medicina Est\u00e8tica"}]},{"@type":"WebSite","@id":"https:\/\/clinicadentalbadalona.com\/#website","url":"https:\/\/clinicadentalbadalona.com\/","name":"Ull Dent | Cl\u00ednica dental y medicina est\u00e9tica Badalona","description":"Clinica Dental | Dentista Badalona - Implantes dentales Periodoncia avanzada Cirugia Oral Est\u00e9tica Dental Odontolog\u00eda preventiva","publisher":{"@id":"https:\/\/clinicadentalbadalona.com\/#organization"},"potentialAction":[{"@type":"SearchAction","target":{"@type":"EntryPoint","urlTemplate":"https:\/\/clinicadentalbadalona.com\/?s={search_term_string}"},"query-input":{"@type":"PropertyValueSpecification","valueRequired":true,"valueName":"search_term_string"}}],"inLanguage":"ca"},{"@type":"Organization","@id":"https:\/\/clinicadentalbadalona.com\/#organization","name":"Ull Dent | Cl\u00ednica dental y medicina est\u00e9tica Badalona","url":"https:\/\/clinicadentalbadalona.com\/","logo":{"@type":"ImageObject","inLanguage":"ca","@id":"https:\/\/clinicadentalbadalona.com\/#\/schema\/logo\/image\/","url":"https:\/\/clinicadentalbadalona.com\/wp-content\/uploads\/2020\/11\/clinicaulldent_logo1color_lq.png","contentUrl":"https:\/\/clinicadentalbadalona.com\/wp-content\/uploads\/2020\/11\/clinicaulldent_logo1color_lq.png","width":1182,"height":199,"caption":"Ull Dent | Cl\u00ednica dental y medicina est\u00e9tica Badalona"},"image":{"@id":"https:\/\/clinicadentalbadalona.com\/#\/schema\/logo\/image\/"}}]}},"_links":{"self":[{"href":"https:\/\/clinicadentalbadalona.com\/ca\/wp-json\/wp\/v2\/pages\/9348\/"}],"collection":[{"href":"https:\/\/clinicadentalbadalona.com\/ca\/wp-json\/wp\/v2\/pages\/"}],"about":[{"href":"https:\/\/clinicadentalbadalona.com\/ca\/wp-json\/wp\/v2\/types\/page\/"}],"author":[{"embeddable":true,"href":"https:\/\/clinicadentalbadalona.com\/ca\/wp-json\/wp\/v2\/users\/1\/"}],"replies":[{"embeddable":true,"href":"https:\/\/clinicadentalbadalona.com\/ca\/wp-json\/wp\/v2\/comments\/?post=9348"}],"version-history":[{"count":1,"href":"https:\/\/clinicadentalbadalona.com\/ca\/wp-json\/wp\/v2\/pages\/9348\/revisions\/"}],"predecessor-version":[{"id":11520,"href":"https:\/\/clinicadentalbadalona.com\/ca\/wp-json\/wp\/v2\/pages\/9348\/revisions\/11520\/"}],"wp:attachment":[{"href":"https:\/\/clinicadentalbadalona.com\/ca\/wp-json\/wp\/v2\/media\/?parent=9348"}],"curies":[{"name":"wp","href":"https:\/\/api.w.org\/{rel}","templated":true}]}}